{"id":55,"date":"2025-08-28T08:27:25","date_gmt":"2025-08-28T06:27:25","guid":{"rendered":"https:\/\/www.posk.se\/boden\/?page_id=55"},"modified":"2025-08-28T10:26:19","modified_gmt":"2025-08-28T08:26:19","slug":"kandidater-stiftsfullmaktige","status":"publish","type":"page","link":"https:\/\/www.posk.se\/boden\/kandidater-stiftsfullmaktige\/","title":{"rendered":"Kandidater \u2013 stiftsfullm\u00e4ktige"},"content":{"rendered":"<h3><span style=\"color: #000080;\">H\u00e4r \u00e4r POSKs kandidater fr\u00e5n Boden<br \/>\ni 2025 \u00e5rs stiftsfullm\u00e4ktigeval (Norrbottens valkrets):<\/span><\/h3>\n<div>\n<div>.<\/div>\n<div style=\"padding-left: 40px;\">5. <strong>Sven-Olov Grenholm,<\/strong> \u00d6:e Stadsdelen<br \/>\n9. <strong>Erika Sj\u00f6\u00f6,<\/strong> Hamptj\u00e4rnmora<br \/>\n12. <strong>Irene Gustafsson,<\/strong> Centrum<\/div>\n<div style=\"padding-left: 40px;\">20. <strong>Gerd Forss\u00e9n,<\/strong> Torpg\u00e4rdan<\/div>\n<div>.<\/div>\n<div>\n<div>POSK har 10 av de 51 platserna i det Lule\u00e5 stiftsfullm\u00e4ktige. Fyra av dessa tio representerar Norra valkretsen (Norrbotten).<\/div>\n<\/div>\n<p>Hela valsedeln i valet till stiftsfullm\u00e4ktige i Lule\u00e5 stift, Norra valkretsen, <strong><a href=\"https:\/\/www.posk.se\/boden\/wp-content\/uploads\/sites\/304\/2025\/08\/250415-norra-sf-valsedel.pdf\" target=\"_blank\" rel=\"noopener\">ser ut s\u00e5 h\u00e4r<\/a><\/strong>.<\/p>\n<h6>Toppbild fr\u00e5n stiftsfullm\u00e4ktige i maj 2025. Stiftsfullm\u00e4ktiges presidium. Fr. v. Anna Lundberg (S), Kerstin Olla Grahn (C) och stiftsfullm\u00e4ktiges ordf\u00f6rande Elisabeth Engberg (POSK). Foto: Emma Berkman\/Lule\u00e5 stift.<\/h6>\n<\/div>\n","protected":false},"excerpt":{"rendered":"<p>H\u00e4r \u00e4r POSKs kandidater fr\u00e5n Boden i 2025 \u00e5rs stiftsfullm\u00e4ktigeval (Norrbottens valkrets): . 5. Sven-Olov Grenholm, \u00d6:e Stadsdelen 9. Erika Sj\u00f6\u00f6, Hamptj\u00e4rnmora 12. Irene Gustafsson, Centrum 20. Gerd Forss\u00e9n, Torpg\u00e4rdan . POSK har 10 av de 51 platserna i det Lule\u00e5 stiftsfullm\u00e4ktige. Fyra av dessa tio representerar Norra valkretsen (Norrbotten). Hela valsedeln i valet till [&hellip;]<\/p>\n","protected":false},"author":54,"featured_media":108,"parent":0,"menu_order":2,"comment_status":"closed","ping_status":"closed","template":"page-templates\/page-sidebar-left.php","meta":{"_acf_changed":false,"footnotes":""},"class_list":["post-55","page","type-page","status-publish","has-post-thumbnail","hentry"],"acf":[],"yoast_head":"<!-- This site is optimized with the Yoast SEO plugin v24.9 - https:\/\/yoast.com\/wordpress\/plugins\/seo\/ -->\n<title>Kandidater \u2013 stiftsfullm\u00e4ktige - Bodens pastorat<\/title>\n<meta name=\"robots\" content=\"index, follow, max-snippet:-1, max-image-preview:large, max-video-preview:-1\" \/>\n<link rel=\"canonical\" href=\"https:\/\/www.posk.se\/boden\/kandidater-stiftsfullmaktige\/\" \/>\n<meta property=\"og:locale\" content=\"sv_SE\" \/>\n<meta property=\"og:type\" content=\"article\" \/>\n<meta property=\"og:title\" content=\"Kandidater \u2013 stiftsfullm\u00e4ktige - Bodens pastorat\" \/>\n<meta property=\"og:description\" content=\"H\u00e4r \u00e4r POSKs kandidater fr\u00e5n Boden i 2025 \u00e5rs stiftsfullm\u00e4ktigeval (Norrbottens valkrets): . 5. Sven-Olov Grenholm, \u00d6:e Stadsdelen 9. Erika Sj\u00f6\u00f6, Hamptj\u00e4rnmora 12. Irene Gustafsson, Centrum 20. Gerd Forss\u00e9n, Torpg\u00e4rdan . POSK har 10 av de 51 platserna i det Lule\u00e5 stiftsfullm\u00e4ktige. Fyra av dessa tio representerar Norra valkretsen (Norrbotten). Hela valsedeln i valet till [&hellip;]\" \/>\n<meta property=\"og:url\" content=\"https:\/\/www.posk.se\/boden\/kandidater-stiftsfullmaktige\/\" \/>\n<meta property=\"og:site_name\" content=\"Bodens pastorat\" \/>\n<meta property=\"article:modified_time\" content=\"2025-08-28T08:26:19+00:00\" \/>\n<meta property=\"og:image\" content=\"https:\/\/www.posk.se\/boden\/wp-content\/uploads\/sites\/304\/2025\/08\/lulea-stiftsfullmaktige-maj-25-2.jpg\" \/>\n\t<meta property=\"og:image:width\" content=\"1308\" \/>\n\t<meta property=\"og:image:height\" content=\"555\" \/>\n\t<meta property=\"og:image:type\" content=\"image\/jpeg\" \/>\n<meta name=\"twitter:card\" content=\"summary_large_image\" \/>\n<meta name=\"twitter:label1\" content=\"Ber\u00e4knad l\u00e4stid\" \/>\n\t<meta name=\"twitter:data1\" content=\"1 minut\" \/>\n<script type=\"application\/ld+json\" class=\"yoast-schema-graph\">{\"@context\":\"https:\/\/schema.org\",\"@graph\":[{\"@type\":\"WebPage\",\"@id\":\"https:\/\/www.posk.se\/boden\/kandidater-stiftsfullmaktige\/\",\"url\":\"https:\/\/www.posk.se\/boden\/kandidater-stiftsfullmaktige\/\",\"name\":\"Kandidater \u2013 stiftsfullm\u00e4ktige - Bodens pastorat\",\"isPartOf\":{\"@id\":\"https:\/\/www.posk.se\/boden\/#website\"},\"primaryImageOfPage\":{\"@id\":\"https:\/\/www.posk.se\/boden\/kandidater-stiftsfullmaktige\/#primaryimage\"},\"image\":{\"@id\":\"https:\/\/www.posk.se\/boden\/kandidater-stiftsfullmaktige\/#primaryimage\"},\"thumbnailUrl\":\"https:\/\/www.posk.se\/boden\/wp-content\/uploads\/sites\/304\/2025\/08\/lulea-stiftsfullmaktige-maj-25-2.jpg\",\"datePublished\":\"2025-08-28T06:27:25+00:00\",\"dateModified\":\"2025-08-28T08:26:19+00:00\",\"breadcrumb\":{\"@id\":\"https:\/\/www.posk.se\/boden\/kandidater-stiftsfullmaktige\/#breadcrumb\"},\"inLanguage\":\"sv-SE\",\"potentialAction\":[{\"@type\":\"ReadAction\",\"target\":[\"https:\/\/www.posk.se\/boden\/kandidater-stiftsfullmaktige\/\"]}]},{\"@type\":\"ImageObject\",\"inLanguage\":\"sv-SE\",\"@id\":\"https:\/\/www.posk.se\/boden\/kandidater-stiftsfullmaktige\/#primaryimage\",\"url\":\"https:\/\/www.posk.se\/boden\/wp-content\/uploads\/sites\/304\/2025\/08\/lulea-stiftsfullmaktige-maj-25-2.jpg\",\"contentUrl\":\"https:\/\/www.posk.se\/boden\/wp-content\/uploads\/sites\/304\/2025\/08\/lulea-stiftsfullmaktige-maj-25-2.jpg\",\"width\":1308,\"height\":555},{\"@type\":\"BreadcrumbList\",\"@id\":\"https:\/\/www.posk.se\/boden\/kandidater-stiftsfullmaktige\/#breadcrumb\",\"itemListElement\":[{\"@type\":\"ListItem\",\"position\":1,\"name\":\"Hem\",\"item\":\"https:\/\/www.posk.se\/boden\/\"},{\"@type\":\"ListItem\",\"position\":2,\"name\":\"Kandidater \u2013 stiftsfullm\u00e4ktige\"}]},{\"@type\":\"WebSite\",\"@id\":\"https:\/\/www.posk.se\/boden\/#website\",\"url\":\"https:\/\/www.posk.se\/boden\/\",\"name\":\"Bodens pastorat\",\"description\":\"POSK-grupp i Lule\u00e5 stift\",\"potentialAction\":[{\"@type\":\"SearchAction\",\"target\":{\"@type\":\"EntryPoint\",\"urlTemplate\":\"https:\/\/www.posk.se\/boden\/?s={search_term_string}\"},\"query-input\":{\"@type\":\"PropertyValueSpecification\",\"valueRequired\":true,\"valueName\":\"search_term_string\"}}],\"inLanguage\":\"sv-SE\"}]}<\/script>\n<!-- \/ Yoast SEO plugin. -->","yoast_head_json":{"title":"Kandidater \u2013 stiftsfullm\u00e4ktige - Bodens pastorat","robots":{"index":"index","follow":"follow","max-snippet":"max-snippet:-1","max-image-preview":"max-image-preview:large","max-video-preview":"max-video-preview:-1"},"canonical":"https:\/\/www.posk.se\/boden\/kandidater-stiftsfullmaktige\/","og_locale":"sv_SE","og_type":"article","og_title":"Kandidater \u2013 stiftsfullm\u00e4ktige - Bodens pastorat","og_description":"H\u00e4r \u00e4r POSKs kandidater fr\u00e5n Boden i 2025 \u00e5rs stiftsfullm\u00e4ktigeval (Norrbottens valkrets): . 5. Sven-Olov Grenholm, \u00d6:e Stadsdelen 9. Erika Sj\u00f6\u00f6, Hamptj\u00e4rnmora 12. Irene Gustafsson, Centrum 20. Gerd Forss\u00e9n, Torpg\u00e4rdan . POSK har 10 av de 51 platserna i det Lule\u00e5 stiftsfullm\u00e4ktige. Fyra av dessa tio representerar Norra valkretsen (Norrbotten). Hela valsedeln i valet till [&hellip;]","og_url":"https:\/\/www.posk.se\/boden\/kandidater-stiftsfullmaktige\/","og_site_name":"Bodens pastorat","article_modified_time":"2025-08-28T08:26:19+00:00","og_image":[{"width":1308,"height":555,"url":"https:\/\/www.posk.se\/boden\/wp-content\/uploads\/sites\/304\/2025\/08\/lulea-stiftsfullmaktige-maj-25-2.jpg","type":"image\/jpeg"}],"twitter_card":"summary_large_image","twitter_misc":{"Ber\u00e4knad l\u00e4stid":"1 minut"},"schema":{"@context":"https:\/\/schema.org","@graph":[{"@type":"WebPage","@id":"https:\/\/www.posk.se\/boden\/kandidater-stiftsfullmaktige\/","url":"https:\/\/www.posk.se\/boden\/kandidater-stiftsfullmaktige\/","name":"Kandidater \u2013 stiftsfullm\u00e4ktige - Bodens pastorat","isPartOf":{"@id":"https:\/\/www.posk.se\/boden\/#website"},"primaryImageOfPage":{"@id":"https:\/\/www.posk.se\/boden\/kandidater-stiftsfullmaktige\/#primaryimage"},"image":{"@id":"https:\/\/www.posk.se\/boden\/kandidater-stiftsfullmaktige\/#primaryimage"},"thumbnailUrl":"https:\/\/www.posk.se\/boden\/wp-content\/uploads\/sites\/304\/2025\/08\/lulea-stiftsfullmaktige-maj-25-2.jpg","datePublished":"2025-08-28T06:27:25+00:00","dateModified":"2025-08-28T08:26:19+00:00","breadcrumb":{"@id":"https:\/\/www.posk.se\/boden\/kandidater-stiftsfullmaktige\/#breadcrumb"},"inLanguage":"sv-SE","potentialAction":[{"@type":"ReadAction","target":["https:\/\/www.posk.se\/boden\/kandidater-stiftsfullmaktige\/"]}]},{"@type":"ImageObject","inLanguage":"sv-SE","@id":"https:\/\/www.posk.se\/boden\/kandidater-stiftsfullmaktige\/#primaryimage","url":"https:\/\/www.posk.se\/boden\/wp-content\/uploads\/sites\/304\/2025\/08\/lulea-stiftsfullmaktige-maj-25-2.jpg","contentUrl":"https:\/\/www.posk.se\/boden\/wp-content\/uploads\/sites\/304\/2025\/08\/lulea-stiftsfullmaktige-maj-25-2.jpg","width":1308,"height":555},{"@type":"BreadcrumbList","@id":"https:\/\/www.posk.se\/boden\/kandidater-stiftsfullmaktige\/#breadcrumb","itemListElement":[{"@type":"ListItem","position":1,"name":"Hem","item":"https:\/\/www.posk.se\/boden\/"},{"@type":"ListItem","position":2,"name":"Kandidater \u2013 stiftsfullm\u00e4ktige"}]},{"@type":"WebSite","@id":"https:\/\/www.posk.se\/boden\/#website","url":"https:\/\/www.posk.se\/boden\/","name":"Bodens pastorat","description":"POSK-grupp i Lule\u00e5 stift","potentialAction":[{"@type":"SearchAction","target":{"@type":"EntryPoint","urlTemplate":"https:\/\/www.posk.se\/boden\/?s={search_term_string}"},"query-input":{"@type":"PropertyValueSpecification","valueRequired":true,"valueName":"search_term_string"}}],"inLanguage":"sv-SE"}]}},"_links":{"self":[{"href":"https:\/\/www.posk.se\/boden\/wp-json\/wp\/v2\/pages\/55","targetHints":{"allow":["GET"]}}],"collection":[{"href":"https:\/\/www.posk.se\/boden\/wp-json\/wp\/v2\/pages"}],"about":[{"href":"https:\/\/www.posk.se\/boden\/wp-json\/wp\/v2\/types\/page"}],"author":[{"embeddable":true,"href":"https:\/\/www.posk.se\/boden\/wp-json\/wp\/v2\/users\/54"}],"replies":[{"embeddable":true,"href":"https:\/\/www.posk.se\/boden\/wp-json\/wp\/v2\/comments?post=55"}],"version-history":[{"count":8,"href":"https:\/\/www.posk.se\/boden\/wp-json\/wp\/v2\/pages\/55\/revisions"}],"predecessor-version":[{"id":109,"href":"https:\/\/www.posk.se\/boden\/wp-json\/wp\/v2\/pages\/55\/revisions\/109"}],"wp:featuredmedia":[{"embeddable":true,"href":"https:\/\/www.posk.se\/boden\/wp-json\/wp\/v2\/media\/108"}],"wp:attachment":[{"href":"https:\/\/www.posk.se\/boden\/wp-json\/wp\/v2\/media?parent=55"}],"curies":[{"name":"wp","href":"https:\/\/api.w.org\/{rel}","templated":true}]}}