{"id":29,"date":"2017-07-29T15:59:42","date_gmt":"2016-07-12T21:32:21","guid":{"rendered":"https:\/\/www.posk.se\/bjorketorp\/?page_id=29"},"modified":"2026-03-23T09:26:20","modified_gmt":"2026-03-23T08:26:20","slug":"startsidan","status":"publish","type":"page","link":"https:\/\/www.posk.se\/bjorketorp\/","title":{"rendered":"POSK i Bj\u00f6rketorps f\u00f6rsamling"},"content":{"rendered":"<p style=\"text-align: center\">Bj\u00f6rketorps f\u00f6rsamling omfattar <em><strong>R\u00e4vlanda, Hind\u00e5s<\/strong><\/em> och <em><strong>H\u00e4llingsj\u00f6.<\/strong><\/em><\/p>\n<p style=\"text-align: center\">&#8212;&#8212;&#8212;&#8212;&#8212;&#8212;&#8212;&#8212;&#8212;&#8212;&#8212;&#8212;&#8212;&#8212;&#8212;&#8212;&#8212;&#8212;&#8212;&#8212;&#8212;&#8212;&#8212;&#8212;&#8212;&#8212;&#8212;&#8212;&#8212;&#8212;&#8212;&#8212;&#8212;&#8212;&#8212;-<\/p>\n<h2 style=\"text-align: center\"><strong>Mandatperioden<br \/>\n<\/strong><strong>2026-2029<\/strong><\/h2>\n<p>&nbsp;<\/p>\n<p><strong><img loading=\"lazy\" decoding=\"async\" class=\"size-medium wp-image-95 aligncenter\" src=\"https:\/\/www.posk.se\/bjorketorp\/wp-content\/uploads\/sites\/6\/2025\/06\/posk-ikondrawio-2-300x123.png\" alt=\"\" width=\"300\" height=\"123\" srcset=\"https:\/\/www.posk.se\/bjorketorp\/wp-content\/uploads\/sites\/6\/2025\/06\/posk-ikondrawio-2-300x123.png 300w, https:\/\/www.posk.se\/bjorketorp\/wp-content\/uploads\/sites\/6\/2025\/06\/posk-ikondrawio-2-330x135.png 330w, https:\/\/www.posk.se\/bjorketorp\/wp-content\/uploads\/sites\/6\/2025\/06\/posk-ikondrawio-2.png 664w\" sizes=\"auto, (max-width: 300px) 100vw, 300px\" \/><\/strong><\/p>\n<p>&nbsp;<\/p>\n<p><strong>Utan partipolitik<\/strong><\/p>\n<ul>\n<li>Partitillh\u00f6righet ska inte spela n\u00e5gon roll i kyrkan. Tillsammans bidrar vi med v\u00e5ra olika erfarenheter<\/li>\n<li>Utan politisk agenda kan vi ha v\u00e5rt fokus p\u00e5 f\u00f6rsamlingen och sprida kristen tro och Guds evangelium<\/li>\n<li>Kyrkan ska vara fri att agera humant genom diakoni och materiell hj\u00e4lp, inte styras av partiers olika agendor och syn p\u00e5 m\u00e4nniskor<\/li>\n<\/ul>\n<p><strong>V\u00e5r f\u00f6rsamling i centrum<\/strong><\/p>\n<ul>\n<li>Skapa delaktighet &#8211; ideella ges utbildning och ansvar<\/li>\n<li>Ge f\u00f6ruts\u00e4ttningar till verksamheten som f\u00f6rsamlingen \u00f6nskar<\/li>\n<li>L\u00e5ta verksamheten utg\u00e5 fr\u00e5n de anst\u00e4lldas expertis<\/li>\n<li>L\u00e4gga fokus p\u00e5 musik i olika former<\/li>\n<\/ul>\n<p><strong>M\u00e5ngfald och tradition<\/strong><\/p>\n<ul>\n<li>Alla ska k\u00e4nna sig v\u00e4lkomna till v\u00e5r kyrka<\/li>\n<li>Ha b\u00e5de tradition och bredd och uppmuntra till olika uttryckss\u00e4tt att ut\u00f6va kristen tro<\/li>\n<li>Inge hopp och uppmuntra till ansvar<\/li>\n<li>Skapa en gemenskap<\/li>\n<li>Verka f\u00f6r integration och samh\u00e4llsengagemang<\/li>\n<li>F\u00f6rvalta kyrkans egendom l\u00e5ngsiktigt<\/li>\n<\/ul>\n<p>&nbsp;<\/p>\n<h4 style=\"text-align: left\"><strong>Invalda<\/strong><\/h4>\n<p><strong>Kyrkofullm\u00e4ktige<\/strong>:<br \/>\nAndrea Brod\u00e9n, Elin Ingemarson (vice ordf), Andreas Kratz, Christiane Kunz, Ulrik Sixt.<br \/>\nErs\u00e4ttare: Ingegerd Nygren<\/p>\n<p><strong>Kyrkor\u00e5d<\/strong>:<br \/>\nElin Ingemarson, Andrea Brod\u00e9n (vice ordf)<br \/>\nErs\u00e4ttare: Christiane Kunz, Ulrik Sixt<\/p>\n<p>Vi tackar f\u00f6r f\u00f6rtroendet f\u00f6r kommande mandatperiod!<\/p>\n<p>&nbsp;<\/p>\n<p><strong>Kontakt:<\/strong><br \/>\nElin Ingemarson elincarina[a]gmail.com<\/p>\n<p>&nbsp;<\/p>\n<p>&#8212;&#8212;&#8212;&#8212;&#8212;&#8212;&#8212;&#8212;&#8212;&#8212;&#8212;&#8212;&#8212;&#8212;&#8212;&#8212;&#8212;&#8212;&#8212;&#8212;&#8212;&#8212;&#8212;&#8212;&#8212;&#8212;&#8212;&#8212;&#8212;&#8212;&#8212;&#8212;&#8212;&#8212;&#8212;-<\/p>\n<p><em>Bilden \u00f6verst: Dopfunt i Bj\u00f6rketorps kyrka<\/em><\/p>\n","protected":false},"excerpt":{"rendered":"<p>Bj\u00f6rketorps f\u00f6rsamling omfattar R\u00e4vlanda, Hind\u00e5s och H\u00e4llingsj\u00f6. &#8212;&#8212;&#8212;&#8212;&#8212;&#8212;&#8212;&#8212;&#8212;&#8212;&#8212;&#8212;&#8212;&#8212;&#8212;&#8212;&#8212;&#8212;&#8212;&#8212;&#8212;&#8212;&#8212;&#8212;&#8212;&#8212;&#8212;&#8212;&#8212;&#8212;&#8212;&#8212;&#8212;&#8212;&#8212;- Mandatperioden 2026-2029 &nbsp; &nbsp; Utan partipolitik Partitillh\u00f6righet ska inte spela n\u00e5gon roll i kyrkan. Tillsammans bidrar vi med v\u00e5ra olika erfarenheter Utan politisk agenda kan vi ha v\u00e5rt fokus p\u00e5 f\u00f6rsamlingen och sprida kristen tro och Guds evangelium Kyrkan ska vara fri att agera humant genom diakoni [&hellip;]<\/p>\n","protected":false},"author":1,"featured_media":37,"parent":0,"menu_order":0,"comment_status":"closed","ping_status":"closed","template":"page-templates\/page-sidebar-left.php","meta":{"_acf_changed":false,"footnotes":""},"class_list":["post-29","page","type-page","status-publish","has-post-thumbnail","hentry"],"acf":[],"yoast_head":"<!-- This site is optimized with the Yoast SEO plugin v24.9 - https:\/\/yoast.com\/wordpress\/plugins\/seo\/ -->\n<title>POSK i Bj\u00f6rketorps f\u00f6rsamling - Bj\u00f6rketorp<\/title>\n<meta name=\"robots\" content=\"index, follow, max-snippet:-1, max-image-preview:large, max-video-preview:-1\" \/>\n<link rel=\"canonical\" href=\"https:\/\/www.posk.se\/bjorketorp\/\" \/>\n<meta property=\"og:locale\" content=\"sv_SE\" \/>\n<meta property=\"og:type\" content=\"article\" \/>\n<meta property=\"og:title\" content=\"POSK i Bj\u00f6rketorps f\u00f6rsamling - Bj\u00f6rketorp\" \/>\n<meta property=\"og:description\" content=\"Bj\u00f6rketorps f\u00f6rsamling omfattar R\u00e4vlanda, Hind\u00e5s och H\u00e4llingsj\u00f6. &#8212;&#8212;&#8212;&#8212;&#8212;&#8212;&#8212;&#8212;&#8212;&#8212;&#8212;&#8212;&#8212;&#8212;&#8212;&#8212;&#8212;&#8212;&#8212;&#8212;&#8212;&#8212;&#8212;&#8212;&#8212;&#8212;&#8212;&#8212;&#8212;&#8212;&#8212;&#8212;&#8212;&#8212;&#8212;- Mandatperioden 2026-2029 &nbsp; &nbsp; Utan partipolitik Partitillh\u00f6righet ska inte spela n\u00e5gon roll i kyrkan. Tillsammans bidrar vi med v\u00e5ra olika erfarenheter Utan politisk agenda kan vi ha v\u00e5rt fokus p\u00e5 f\u00f6rsamlingen och sprida kristen tro och Guds evangelium Kyrkan ska vara fri att agera humant genom diakoni [&hellip;]\" \/>\n<meta property=\"og:url\" content=\"https:\/\/www.posk.se\/bjorketorp\/\" \/>\n<meta property=\"og:site_name\" content=\"Bj\u00f6rketorp\" \/>\n<meta property=\"article:modified_time\" content=\"2026-03-23T08:26:20+00:00\" \/>\n<meta property=\"og:image\" content=\"https:\/\/www.posk.se\/bjorketorp\/wp-content\/uploads\/sites\/6\/2016\/07\/bjorketorps_kyrka_dopfunten-besk.jpg\" \/>\n\t<meta property=\"og:image:width\" content=\"1600\" \/>\n\t<meta property=\"og:image:height\" content=\"435\" \/>\n\t<meta property=\"og:image:type\" content=\"image\/jpeg\" \/>\n<meta name=\"twitter:card\" content=\"summary_large_image\" \/>\n<meta name=\"twitter:label1\" content=\"Ber\u00e4knad l\u00e4stid\" \/>\n\t<meta name=\"twitter:data1\" content=\"2 minuter\" \/>\n<script type=\"application\/ld+json\" class=\"yoast-schema-graph\">{\"@context\":\"https:\/\/schema.org\",\"@graph\":[{\"@type\":\"WebPage\",\"@id\":\"https:\/\/www.posk.se\/bjorketorp\/\",\"url\":\"https:\/\/www.posk.se\/bjorketorp\/\",\"name\":\"POSK i Bj\u00f6rketorps f\u00f6rsamling - Bj\u00f6rketorp\",\"isPartOf\":{\"@id\":\"https:\/\/www.posk.se\/bjorketorp\/#website\"},\"primaryImageOfPage\":{\"@id\":\"https:\/\/www.posk.se\/bjorketorp\/#primaryimage\"},\"image\":{\"@id\":\"https:\/\/www.posk.se\/bjorketorp\/#primaryimage\"},\"thumbnailUrl\":\"https:\/\/www.posk.se\/bjorketorp\/wp-content\/uploads\/sites\/6\/2016\/07\/bjorketorps_kyrka_dopfunten-besk.jpg\",\"datePublished\":\"2016-07-12T21:32:21+00:00\",\"dateModified\":\"2026-03-23T08:26:20+00:00\",\"breadcrumb\":{\"@id\":\"https:\/\/www.posk.se\/bjorketorp\/#breadcrumb\"},\"inLanguage\":\"sv-SE\",\"potentialAction\":[{\"@type\":\"ReadAction\",\"target\":[\"https:\/\/www.posk.se\/bjorketorp\/\"]}]},{\"@type\":\"ImageObject\",\"inLanguage\":\"sv-SE\",\"@id\":\"https:\/\/www.posk.se\/bjorketorp\/#primaryimage\",\"url\":\"https:\/\/www.posk.se\/bjorketorp\/wp-content\/uploads\/sites\/6\/2016\/07\/bjorketorps_kyrka_dopfunten-besk.jpg\",\"contentUrl\":\"https:\/\/www.posk.se\/bjorketorp\/wp-content\/uploads\/sites\/6\/2016\/07\/bjorketorps_kyrka_dopfunten-besk.jpg\",\"width\":1600,\"height\":435,\"caption\":\"Dopfunten i Bj\u00f6rketorps kyrka. Foto: Historiker, Wikimedia Commons\"},{\"@type\":\"BreadcrumbList\",\"@id\":\"https:\/\/www.posk.se\/bjorketorp\/#breadcrumb\",\"itemListElement\":[{\"@type\":\"ListItem\",\"position\":1,\"name\":\"Hem\",\"item\":\"https:\/\/www.posk.se\/bjorketorp\/\"},{\"@type\":\"ListItem\",\"position\":2,\"name\":\"POSK i Bj\u00f6rketorps f\u00f6rsamling\"}]},{\"@type\":\"WebSite\",\"@id\":\"https:\/\/www.posk.se\/bjorketorp\/#website\",\"url\":\"https:\/\/www.posk.se\/bjorketorp\/\",\"name\":\"Bj\u00f6rketorp\",\"description\":\"POSK-grupp i G\u00f6teborgs stift\",\"potentialAction\":[{\"@type\":\"SearchAction\",\"target\":{\"@type\":\"EntryPoint\",\"urlTemplate\":\"https:\/\/www.posk.se\/bjorketorp\/?s={search_term_string}\"},\"query-input\":{\"@type\":\"PropertyValueSpecification\",\"valueRequired\":true,\"valueName\":\"search_term_string\"}}],\"inLanguage\":\"sv-SE\"}]}<\/script>\n<!-- \/ Yoast SEO plugin. -->","yoast_head_json":{"title":"POSK i Bj\u00f6rketorps f\u00f6rsamling - Bj\u00f6rketorp","robots":{"index":"index","follow":"follow","max-snippet":"max-snippet:-1","max-image-preview":"max-image-preview:large","max-video-preview":"max-video-preview:-1"},"canonical":"https:\/\/www.posk.se\/bjorketorp\/","og_locale":"sv_SE","og_type":"article","og_title":"POSK i Bj\u00f6rketorps f\u00f6rsamling - Bj\u00f6rketorp","og_description":"Bj\u00f6rketorps f\u00f6rsamling omfattar R\u00e4vlanda, Hind\u00e5s och H\u00e4llingsj\u00f6. &#8212;&#8212;&#8212;&#8212;&#8212;&#8212;&#8212;&#8212;&#8212;&#8212;&#8212;&#8212;&#8212;&#8212;&#8212;&#8212;&#8212;&#8212;&#8212;&#8212;&#8212;&#8212;&#8212;&#8212;&#8212;&#8212;&#8212;&#8212;&#8212;&#8212;&#8212;&#8212;&#8212;&#8212;&#8212;- Mandatperioden 2026-2029 &nbsp; &nbsp; Utan partipolitik Partitillh\u00f6righet ska inte spela n\u00e5gon roll i kyrkan. Tillsammans bidrar vi med v\u00e5ra olika erfarenheter Utan politisk agenda kan vi ha v\u00e5rt fokus p\u00e5 f\u00f6rsamlingen och sprida kristen tro och Guds evangelium Kyrkan ska vara fri att agera humant genom diakoni [&hellip;]","og_url":"https:\/\/www.posk.se\/bjorketorp\/","og_site_name":"Bj\u00f6rketorp","article_modified_time":"2026-03-23T08:26:20+00:00","og_image":[{"width":1600,"height":435,"url":"https:\/\/www.posk.se\/bjorketorp\/wp-content\/uploads\/sites\/6\/2016\/07\/bjorketorps_kyrka_dopfunten-besk.jpg","type":"image\/jpeg"}],"twitter_card":"summary_large_image","twitter_misc":{"Ber\u00e4knad l\u00e4stid":"2 minuter"},"schema":{"@context":"https:\/\/schema.org","@graph":[{"@type":"WebPage","@id":"https:\/\/www.posk.se\/bjorketorp\/","url":"https:\/\/www.posk.se\/bjorketorp\/","name":"POSK i Bj\u00f6rketorps f\u00f6rsamling - Bj\u00f6rketorp","isPartOf":{"@id":"https:\/\/www.posk.se\/bjorketorp\/#website"},"primaryImageOfPage":{"@id":"https:\/\/www.posk.se\/bjorketorp\/#primaryimage"},"image":{"@id":"https:\/\/www.posk.se\/bjorketorp\/#primaryimage"},"thumbnailUrl":"https:\/\/www.posk.se\/bjorketorp\/wp-content\/uploads\/sites\/6\/2016\/07\/bjorketorps_kyrka_dopfunten-besk.jpg","datePublished":"2016-07-12T21:32:21+00:00","dateModified":"2026-03-23T08:26:20+00:00","breadcrumb":{"@id":"https:\/\/www.posk.se\/bjorketorp\/#breadcrumb"},"inLanguage":"sv-SE","potentialAction":[{"@type":"ReadAction","target":["https:\/\/www.posk.se\/bjorketorp\/"]}]},{"@type":"ImageObject","inLanguage":"sv-SE","@id":"https:\/\/www.posk.se\/bjorketorp\/#primaryimage","url":"https:\/\/www.posk.se\/bjorketorp\/wp-content\/uploads\/sites\/6\/2016\/07\/bjorketorps_kyrka_dopfunten-besk.jpg","contentUrl":"https:\/\/www.posk.se\/bjorketorp\/wp-content\/uploads\/sites\/6\/2016\/07\/bjorketorps_kyrka_dopfunten-besk.jpg","width":1600,"height":435,"caption":"Dopfunten i Bj\u00f6rketorps kyrka. Foto: Historiker, Wikimedia Commons"},{"@type":"BreadcrumbList","@id":"https:\/\/www.posk.se\/bjorketorp\/#breadcrumb","itemListElement":[{"@type":"ListItem","position":1,"name":"Hem","item":"https:\/\/www.posk.se\/bjorketorp\/"},{"@type":"ListItem","position":2,"name":"POSK i Bj\u00f6rketorps f\u00f6rsamling"}]},{"@type":"WebSite","@id":"https:\/\/www.posk.se\/bjorketorp\/#website","url":"https:\/\/www.posk.se\/bjorketorp\/","name":"Bj\u00f6rketorp","description":"POSK-grupp i G\u00f6teborgs stift","potentialAction":[{"@type":"SearchAction","target":{"@type":"EntryPoint","urlTemplate":"https:\/\/www.posk.se\/bjorketorp\/?s={search_term_string}"},"query-input":{"@type":"PropertyValueSpecification","valueRequired":true,"valueName":"search_term_string"}}],"inLanguage":"sv-SE"}]}},"_links":{"self":[{"href":"https:\/\/www.posk.se\/bjorketorp\/wp-json\/wp\/v2\/pages\/29","targetHints":{"allow":["GET"]}}],"collection":[{"href":"https:\/\/www.posk.se\/bjorketorp\/wp-json\/wp\/v2\/pages"}],"about":[{"href":"https:\/\/www.posk.se\/bjorketorp\/wp-json\/wp\/v2\/types\/page"}],"author":[{"embeddable":true,"href":"https:\/\/www.posk.se\/bjorketorp\/wp-json\/wp\/v2\/users\/1"}],"replies":[{"embeddable":true,"href":"https:\/\/www.posk.se\/bjorketorp\/wp-json\/wp\/v2\/comments?post=29"}],"version-history":[{"count":59,"href":"https:\/\/www.posk.se\/bjorketorp\/wp-json\/wp\/v2\/pages\/29\/revisions"}],"predecessor-version":[{"id":150,"href":"https:\/\/www.posk.se\/bjorketorp\/wp-json\/wp\/v2\/pages\/29\/revisions\/150"}],"wp:featuredmedia":[{"embeddable":true,"href":"https:\/\/www.posk.se\/bjorketorp\/wp-json\/wp\/v2\/media\/37"}],"wp:attachment":[{"href":"https:\/\/www.posk.se\/bjorketorp\/wp-json\/wp\/v2\/media?parent=29"}],"curies":[{"name":"wp","href":"https:\/\/api.w.org\/{rel}","templated":true}]}}